{"id":34858,"date":"2023-12-20T16:30:57","date_gmt":"2023-12-20T15:30:57","guid":{"rendered":"https:\/\/www.maticasrpska.org.rs\/?page_id=34858"},"modified":"2023-12-28T13:09:17","modified_gmt":"2023-12-28T12:09:17","slug":"zmslu_51","status":"publish","type":"page","link":"https:\/\/www.maticasrpska.org.rs\/en\/zmslu_51\/","title":{"rendered":"\u0417\u0431\u043e\u0440\u043d\u0438\u043a \u041c\u0430\u0442\u0438\u0446\u0435 \u0441\u0440\u043f\u0441\u043a\u0435 \u0437\u0430 \u043b\u0438\u043a\u043e\u0432\u043d\u0435 \u0443\u043c\u0435\u0442\u043d\u043e\u0441\u0442\u0438 \u0431\u0440\u043e\u0458 51"},"content":{"rendered":"<p><\/p>\n<p><\/p>\n<h3 align=\"center\">C O N T E N T S:<\/h3>\n<p style=\"text-align: center;\"><strong>\u0427\u041b\u0410\u041d\u0426\u0418, \u0420\u0410\u0421\u041f\u0420\u0410\u0412\u0415, \u041f\u0420\u0418\u041b\u041e\u0417\u0418<\/strong><br><strong>ARTICLES, TREATISES, CONTRIBUTIONS<\/strong><\/p>\n<\/ol>\n<ol start=\"1\"><li><strong>B<\/strong><strong>RANKA<\/strong><strong> \u010c. V<\/strong><strong>RANE\u0160EVI\u0106<\/strong><strong>, <\/strong>Iconography of the Parapet Slab From the Church of St. Thomas in Kuti: New Reflections and Possible Interpretations<br><strong style=\"font-size: inherit;\">\u0411\u0420\u0410\u041d\u041a\u0410 \u0427. \u0412\u0420\u0410\u041d\u0415\u0428\u0415\u0412\u0418\u040b, <\/strong><span style=\"font-size: inherit;\">\u0418\u043a\u043e\u043d\u043e\u0433\u0440\u0430\u0444\u0438\u0458\u0430 \u043f\u0430\u0440\u0430\u043f\u0435\u0442\u043d\u0435 \u043f\u043b\u043e\u0447\u0435 \u0446\u0440\u043a\u0432\u0435 \u0421\u0432. \u0422\u043e\u043c\u0435 \u0443 \u041a\u0443\u0442\u0438\u043c\u0430: \u043d\u043e\u0432\u0430 \u0440\u0430\u0437\u043c\u0438\u0448\u0459\u0430\u045a\u0430 \u0438 \u043c\u043e\u0433\u0443\u045b\u0430 \u0442\u0443\u043c\u0430\u0447\u0435\u045a\u0430<\/span><strong style=\"font-size: inherit;\"> <em><a href=\" https:\/\/www.maticasrpska.org.rs\/stariSajt\/casopisi\/ZMSLU_51\/01 Branka Vranesevic.pdf \"><img loading=\"lazy\" src=\"http:\/\/www.maticasrpska.org.rs\/letopis\/page_white_acrobat.png\" alt=\"\" width=\"16\" height=\"16\"><\/a><\/em><\/strong><\/li>\n<\/ol>\n<ol start=\"2\">\n<li><strong>\u041e\u041b\u0413\u0410 \u0417. \u0428\u041f\u0415\u0425\u0410\u0420, <\/strong>\u0415\u0432\u0435\u0440\u0433\u0435\u0442\u0438\u0437\u0430\u043c \u0443 \u043a\u0430\u0441\u043d\u043e\u0430\u043d\u0442\u0438\u0447\u043a\u043e\u043c \u0441\u0430\u043a\u0440\u0430\u043b\u043d\u043e\u043c \u0433\u0440\u0430\u0434\u0438\u0442\u0435\u0459\u0441\u0442\u0432\u0443 \u0446\u0435\u043d\u0442\u0440\u0430\u043b\u043d\u043e\u0433 \u0411\u0430\u043b\u043a\u0430\u043d\u0430<br><strong style=\"font-size: inherit;\">OLGA Z. \u0160PEHAR, <\/strong><span style=\"font-size: inherit;\">Euergetism in Late Antique Sacral Architecture of the Central Balkans <strong style=\"font-size: inherit;\"><em><a href=\" https:\/\/www.maticasrpska.org.rs\/stariSajt\/casopisi\/ZMSLU_51\/02 Olga Spehar.pdf \"><img loading=\"lazy\" src=\"http:\/\/www.maticasrpska.org.rs\/letopis\/page_white_acrobat.png\" alt=\"\" width=\"16\" height=\"16\"><\/a><\/em><\/strong><br><br><\/span><\/li>\n<li><strong style=\"font-size: inherit;\">OGNJEN LJ. TUTI\u0106, <\/strong><span style=\"font-size: inherit;\">FROM GREGORY THE GREAT TO LEO III: THE KTETOR AND DONOR ACTIVITIES OF THE POPES IN ROME AND THE BASILICAS OF ST. PETER AND SAN PAOLO FUORI LE MURA<br><\/span><strong style=\"font-size: inherit;\">\u041e\u0413\u040a\u0415\u041d \u0409. \u0422\u0423\u0422\u0418\u040b, <\/strong><span style=\"font-size: inherit;\">\u041e\u0434 \u0413\u0440\u0438\u0433\u043e\u0440\u0438\u0458\u0430 \u0412\u0435\u043b\u0438\u043a\u043e\u0433 \u0434\u043e \u041b\u0430\u0432\u0430 III: \u041a\u0442\u0438\u0442\u043e\u0440\u0441\u043a\u0430 \u0438 \u0434\u043e\u043d\u0430\u0442\u043e\u0440\u0441\u043a\u0430 \u0434\u0435\u043b\u0430\u0442\u043d\u043e\u0441\u0442 \u043f\u0430\u043f\u0430 \u0443 \u0420\u0438\u043c\u0443 \u0438 \u0431\u0430\u0437\u0438\u043b\u0438\u043a\u0430\u043c\u0430 \u0421\u0432. \u041f\u0435\u0442\u0440\u0430 \u0438 \u0421\u0430\u043d \u041f\u0430\u043e\u043b\u043e \u0424\u0443\u043e\u0440\u0438 \u043b\u0435 \u041c\u0443\u0440\u0430 (\u0421\u0432. \u041f\u0435\u0442\u0440\u0430 \u0438\u0437\u0432\u0430\u043d \u0437\u0438\u0434\u0438\u043d\u0430) <strong style=\"font-size: inherit;\"><em><a href=\" https:\/\/www.maticasrpska.org.rs\/stariSajt\/casopisi\/ZMSLU_51\/03 Ognjen Tutic.pdf \"><img loading=\"lazy\" src=\"http:\/\/www.maticasrpska.org.rs\/letopis\/page_white_acrobat.png\" alt=\"\" width=\"16\" height=\"16\"><\/a><\/em><\/strong><br><br><\/span><\/li>\n<li><strong style=\"font-size: inherit;\">\u0410\u041d\u0402\u0415\u041b\u0410 \u0413\u0410\u0412\u0420\u0418\u041b\u041e\u0412\u0418\u040b, <\/strong><span style=\"font-size: inherit;\">\u0421\u0438\u043c\u0431\u043e\u043b\u0438\u043a\u0430 \u0438 \u043a\u043e\u043d\u0442\u0435\u043a\u0441\u0442 \u0441\u0446\u0435\u043d\u0435 \u0414\u0430\u0432\u0438\u0434 \u0443\u0434\u0430\u0440\u0430 \u0443 \u0433\u0443\u0441\u043b\u0435 \u0421\u0430\u0443\u043b\u0443 \u0443 \u041a\u0430\u043f\u0435\u043b\u0438 III \u0443 \u0411\u0430\u0432\u0438\u0442\u0443 \u2013 \u043f\u0440\u0438\u043b\u043e\u0433 \u043f\u0440\u043e\u0443\u0447\u0430\u0432\u0430\u045a\u0443 \u0437\u043d\u0430\u0447\u0435\u045a\u0430 \u0446\u0438\u043a\u043b\u0443\u0441\u0430 \u0414\u0430\u0432\u0438\u0434\u043e\u0432\u043e\u0433 \u0436\u0438\u0432\u043e\u0442\u0430 \u0443 \u0438\u0441\u0442\u043e\u0447\u043d\u043e\u0445\u0440\u0438\u0448\u045b\u0430\u043d\u0441\u043a\u043e\u0458 \u0443\u043c\u0435\u0442\u043d\u043e\u0441\u0442\u0438<br><\/span><strong style=\"font-size: inherit;\">AN\u0110ELA \u0110. GAVRILOVI\u0106<\/strong><span style=\"font-size: inherit;\">, The Symbolism and Context of the Scene David Playing Harp Before Saul in Chapel III at Bawit \u2013 a Contribution to the Study of the Meaning of the David Cycle in Eastern Christian Art <strong style=\"font-size: inherit;\"><em><a href=\" https:\/\/www.maticasrpska.org.rs\/stariSajt\/casopisi\/ZMSLU_51\/04 Andjela Gavrilovic.pdf \"><img loading=\"lazy\" src=\"http:\/\/www.maticasrpska.org.rs\/letopis\/page_white_acrobat.png\" alt=\"\" width=\"16\" height=\"16\"><\/a><\/em><\/strong><br><br><\/span><\/li>\n<li><strong style=\"font-size: inherit;\">DRAGANA S. PAVLOVI\u0106<\/strong><span style=\"font-size: inherit;\">, The Programmatic Context of the Portraits of Serbian nobility at the Time of the Nemanji\u0107 Dinasty<br><\/span><strong style=\"font-size: inherit;\">\u0414\u0420\u0410\u0413\u0410\u041d\u0410 \u0421. \u041f\u0410\u0412\u041b\u041e\u0412\u0418\u040b<\/strong><span style=\"font-size: inherit;\">, \u041f\u0440\u043e\u0433\u0440\u0430\u043c\u0441\u043a\u0438 \u043a\u043e\u043d\u0442\u0435\u043a\u0441\u0442 \u0441\u0440\u043f\u0441\u043a\u043e\u0433 \u0432\u043b\u0430\u0441\u0442\u0435\u043e\u0441\u043a\u043e\u0433 \u043f\u043e\u0440\u0442\u0440\u0435\u0442\u0430 \u0443 \u0434\u043e\u0431\u0430 \u041d\u0435\u043c\u0430\u045a\u0438\u045b\u0430 <strong style=\"font-size: inherit;\"><em><a href=\" https:\/\/www.maticasrpska.org.rs\/stariSajt\/casopisi\/ZMSLU_51\/05 Dragana Pavlovic.pdf \"><img loading=\"lazy\" src=\"http:\/\/www.maticasrpska.org.rs\/letopis\/page_white_acrobat.png\" alt=\"\" width=\"16\" height=\"16\"><\/a><\/em><\/strong><br><br><\/span><\/li>\n<li><strong style=\"font-size: inherit;\">\u041c\u0410\u0420\u0418\u0408\u0410\u041d\u0410 \u0409. \u041c\u0410\u0420\u041a\u041e\u0412\u0418\u040b, <\/strong><span style=\"font-size: inherit;\">\u0426\u0418\u041a\u041b\u0423\u0421 \u041f\u0410\u0422\u0420\u041e\u041d\u0410 \u0423 \u0426\u0420\u041a\u0412\u0418 \u0421\u0412\u0415\u0422\u041e\u0413 \u0402\u041e\u0420\u0402\u0410 \u0423 \u0410\u0408\u0414\u0410\u041d\u041e\u0412\u0426\u0423<br><\/span><strong style=\"font-size: inherit;\">MARIJANA LJ. MARKOVI\u0106, <\/strong><span style=\"font-size: inherit;\">The Cycle of Patron Saint in the Church of Saint George in Ajdanovac <strong style=\"font-size: inherit;\"><em><a href=\" https:\/\/www.maticasrpska.org.rs\/stariSajt\/casopisi\/ZMSLU_51\/06 Marijana Markovic.pdf \"><img loading=\"lazy\" src=\"http:\/\/www.maticasrpska.org.rs\/letopis\/page_white_acrobat.png\" alt=\"\" width=\"16\" height=\"16\"><\/a><\/em><\/strong><br><br><\/span><\/li>\n<li><strong style=\"font-size: inherit;\">\u0411\u0420\u0410\u041d\u041a\u041e \u0427\u041e\u041b\u041e\u0412\u0418\u040b, <\/strong><span style=\"font-size: inherit;\">\u0418\u043a\u043e\u043d\u0430 \u0425\u0440\u0438\u0441\u0442\u0430 \u0426\u0430\u0440\u0430 \u0426\u0430\u0440\u0435\u0432\u0430 \u0438 \u0412\u0435\u043b\u0438\u043a\u043e\u0433 \u0410\u0440\u0445\u0438\u0458\u0435\u0440\u0435\u0458\u0430 \u0438\u0437 \u041b\u0430\u0437\u0430\u0440\u0438\u0446\u0435 \u0434\u0458\u0435\u043b\u043e \u0415\u043c\u0430\u043d\u0443\u0435\u043b\u0430 \u041b\u0430\u043c\u043f\u0430\u0440\u0434\u043e\u0441\u0430<br><\/span><strong style=\"font-size: inherit;\">BRANKO \u010cOLOVI\u0106, <\/strong><span style=\"font-size: inherit;\">The Icon of Christ the Emperor of Emperors and the Great Archbishop of Lazarica &#8211; Work of Emanuel Lampardos<\/span><strong style=\"font-size: inherit;\"> <em><a href=\" https:\/\/www.maticasrpska.org.rs\/stariSajt\/casopisi\/ZMSLU_51\/07 Branko Colovic.pdf \"><img loading=\"lazy\" src=\"http:\/\/www.maticasrpska.org.rs\/letopis\/page_white_acrobat.png\" alt=\"\" width=\"16\" height=\"16\"><\/a><\/em><\/strong><\/li>\n<\/ol>\n<ol start=\"8\">\n<li><strong>\u0412\u0423\u041a \u0424. \u0414\u0410\u0423\u0422\u041e\u0412\u0418\u040b<\/strong>, \u0423\u043c\u0435\u0442\u043d\u0438\u0447\u043a\u0435 \u043c\u0438\u0433\u0440\u0430\u0446\u0438\u0458\u0435 \u0438 \u0432\u0438\u0437\u0443\u0435\u043b\u043d\u0430 \u043a\u0443\u043b\u0442\u0443\u0440\u0430 \u0408\u0443\u0433\u043e\u0438\u0441\u0442\u043e\u0447\u043d\u0435 \u0415\u0432\u0440\u043e\u043f\u0435: \u043c\u0430\u0458\u0441\u0442\u043e\u0440 \u0422\u043e\u043c\u0430 \u0418\u0441\u0438\u0434\u043e\u0440\u043e\u0432\u0438\u045b \u0438\u0437 \u041a\u0440\u0443\u0448\u0435\u0432\u0430<br><strong style=\"font-size: inherit;\">VUK F. DAUTOVI\u0106, <\/strong><span style=\"font-size: inherit;\">Art Migrations and Visual Culture of Southeast Europe: Artisan Toma Isidorovi\u0107 from Kru\u0161evo <strong style=\"font-size: inherit;\"><em><a href=\" https:\/\/www.maticasrpska.org.rs\/stariSajt\/casopisi\/ZMSLU_51\/08 Vuk Dautovic.pdf \"><img loading=\"lazy\" src=\"http:\/\/www.maticasrpska.org.rs\/letopis\/page_white_acrobat.png\" alt=\"\" width=\"16\" height=\"16\"><\/a><\/em><\/strong><br><br><\/span><\/li>\n<li><strong style=\"font-size: inherit;\">\u0414\u0423\u040a\u0410 \u0414. \u0410\u041d\u0414\u0420\u0418\u040b, \u0421\u0410\u040a\u0410 \u0414. \u041a\u0418\u041f\u0420\u041e\u0421\u041a\u0418<\/strong><span style=\"font-size: inherit;\">, \u041d\u0435\u0440\u0435\u0430\u043b\u0438\u0437\u043e\u0432\u0430\u043d\u0438 \u043f\u0440\u043e\u0458\u0435\u043a\u0430\u0442 \u0440\u043e\u0431\u043d\u0435 \u043a\u0443\u045b\u0435 \u041c\u0438\u0442\u0438\u045b \u043d\u0430 \u0421\u043b\u0430\u0432\u0438\u0458\u0438 (1940)<br><\/span><strong style=\"font-size: inherit;\">DUNJA D. ANDRI\u0106, SANJA D. KIPROSKI, <\/strong><span style=\"font-size: inherit;\">Unrealized Project of the \u201cMiti\u0107\u02ee Department Store in Slavija Square (1940) <strong style=\"font-size: inherit;\"><em><a href=\" https:\/\/www.maticasrpska.org.rs\/stariSajt\/casopisi\/ZMSLU_51\/09 Dunja Andric Sanja Kiproski.pdf \"><img loading=\"lazy\" src=\"http:\/\/www.maticasrpska.org.rs\/letopis\/page_white_acrobat.png\" alt=\"\" width=\"16\" height=\"16\"><\/a><\/em><\/strong><br><br><\/span><\/li>\n<li><strong style=\"font-size: inherit;\">\u0410\u041b\u0415\u041a\u0421\u0410\u041d\u0414\u0410\u0420 \u041a\u0410\u0414\u0418\u0408\u0415\u0412\u0418\u040b<\/strong><span style=\"font-size: inherit;\">, \u0413\u0440\u0430\u0434\u0438\u0442\u0435\u0459 \u0438 \u043d\u0430\u0440\u0443\u0447\u0438\u043b\u0430\u0446 \u0443 \u043d\u043e\u0432\u0438\u0458\u043e\u0458 \u0441\u0440\u043f\u0441\u043a\u043e\u0458 \u0430\u0440\u0445\u0438\u0442\u0435\u043a\u0442\u0443\u0440\u0438: \u043d\u0435\u0440\u0430\u0441\u0432\u0435\u0442\u0459\u0435\u043d\u0435 \u0441\u043f\u043e\u043d\u0435<br><\/span><strong style=\"font-size: inherit;\">ALEKSANDAR KADIJEVI\u0106, <\/strong><span style=\"font-size: inherit;\">Builders and Clients in Newer Serbian Architecture: Unresolved Connections <strong style=\"font-size: inherit;\"><em><a href=\" https:\/\/www.maticasrpska.org.rs\/stariSajt\/casopisi\/ZMSLU_51\/10 Aleksandar Kadijevic.pdf \"><img loading=\"lazy\" src=\"http:\/\/www.maticasrpska.org.rs\/letopis\/page_white_acrobat.png\" alt=\"\" width=\"16\" height=\"16\"><\/a><\/em><\/strong><\/span><\/li>\n<\/ol>\n<ol start=\"11\">\n<li><strong>VERICA S. PAVI\u0106EVI\u0106<\/strong><strong>, <\/strong>The Belgrade opus of the architect Nikola Nestorovi\u0107 (1868-1957)<br><strong style=\"font-size: inherit;\">\u0412\u0415\u0420\u0418\u0426\u0410 \u0421. \u041f\u0410\u0412\u0418\u040b\u0415\u0412\u0418\u040b, <\/strong><span style=\"font-size: inherit;\">\u0411\u0435\u043e\u0433\u0440\u0430\u0434\u0441\u043a\u0438 \u043e\u043f\u0443\u0441 \u0430\u0440\u0445\u0438\u0442\u0435\u043a\u0442\u0435 \u041d\u0438\u043a\u043e\u043b\u0435 \u041d\u0435\u0441\u0442\u043e\u0440\u043e\u0432\u0438\u045b\u0430 (1868-1957) <strong style=\"font-size: inherit;\"><em><a href=\" https:\/\/www.maticasrpska.org.rs\/stariSajt\/casopisi\/ZMSLU_51\/11 Verica Pavicevic.pdf \"><img loading=\"lazy\" src=\"http:\/\/www.maticasrpska.org.rs\/letopis\/page_white_acrobat.png\" alt=\"\" width=\"16\" height=\"16\"><\/a><\/em><\/strong><br><br><\/span><\/li>\n<li><strong style=\"font-size: inherit;\">SOFIJA B<\/strong><strong style=\"font-size: inherit;\">. <\/strong><strong style=\"font-size: inherit;\">JOVANOVI\u0106<\/strong><strong style=\"font-size: inherit;\">, <\/strong><span style=\"font-size: inherit;\">OVERVIEW OF THE OPUS OF ARCHITECT ANDREY VASILYEVICH PAPKOV BETWEEN TWO WARS IN KINGDOM OF SCS\/YUGOSLAVIA (1925-1941)<br><\/span><strong style=\"font-size: inherit;\">\u0421\u041e\u0424\u0418\u0408\u0410 \u0411. \u0408\u041e\u0412\u0410\u041d\u041e\u0412\u0418\u040b, <\/strong><span style=\"font-size: inherit;\">\u041f\u0440\u0435\u0433\u043b\u0435\u0434 \u0434\u0435\u043b\u0430\u0442\u043d\u043e\u0441\u0442\u0438 \u0430\u0440\u0445\u0438\u0442\u0435\u043a\u0442\u0435 \u0410\u043d\u0434\u0440\u0435\u0458\u0430 \u0412\u0430\u0441\u0438\u0459\u0435\u0432\u0438\u0447\u0430 \u041f\u0430\u043f\u043a\u043e\u0432\u0430 \u0443&nbsp; K\u0440\u0430\u0459\u0435\u0432\u0438\u043d\u0438 \u0421\u0425\u0421\/\u0408\u0443\u0433\u043e\u0441\u043b\u0430\u0432\u0438\u0458\u0438 \u0438\u0437\u043c\u0435\u0452\u0443 \u0434\u0432\u0430 \u0441\u0432\u0435\u0442\u0441\u043a\u0430 \u0440\u0430\u0442\u0430 (1925\u20131941) <strong style=\"font-size: inherit;\"><em><a href=\" https:\/\/www.maticasrpska.org.rs\/stariSajt\/casopisi\/ZMSLU_51\/12 Sofija Jovanovic.pdf \"><img loading=\"lazy\" src=\"http:\/\/www.maticasrpska.org.rs\/letopis\/page_white_acrobat.png\" alt=\"\" width=\"16\" height=\"16\"><\/a><\/em><\/strong><\/span><\/li>\n<\/ol>\n<ol start=\"13\">\n<li><strong>\u041c\u0418\u041b\u0418\u0426\u0410 \u0411\u041e\u0416\u0418\u040b \u041c\u0410\u0420\u041e\u0408\u0415\u0412\u0418\u040b, <\/strong>\u0422\u0435\u043e\u0440\u0438\u0458\u0441\u043a\u0430 \u043f\u043e\u043b\u0430\u0437\u0438\u0448\u0442\u0430 \u043c\u0443\u0437\u0435\u0458\u0441\u043a\u0435 \u043a\u043e\u043c\u0443\u043d\u0438\u043a\u0430\u0446\u0438\u0458\u0435<br><strong style=\"font-size: inherit;\">MILICA BO\u017dI\u0106 MAROJEVI\u0106, <\/strong><span style=\"font-size: inherit;\">Theoretical Bases of Museum Communication <strong style=\"font-size: inherit;\"><em><a href=\" https:\/\/www.maticasrpska.org.rs\/stariSajt\/casopisi\/ZMSLU_51\/13 Milica Bozic Marojevic.pdf \"><img loading=\"lazy\" src=\"http:\/\/www.maticasrpska.org.rs\/letopis\/page_white_acrobat.png\" alt=\"\" width=\"16\" height=\"16\"><\/a><\/em><\/strong><br><br><\/span><\/li>\n<li><strong style=\"font-size: inherit;\">\u041b\u0415\u041e\u041d \u041a\u041e\u0408\u0415\u041d, <\/strong><span style=\"font-size: inherit;\">\u041d\u0430\u0434\u0435\u0436\u0434\u0430 \u041f\u0435\u0442\u0440\u043e\u0432\u0438\u045b \u0438 \u0421\u0435\u0437\u0430\u043d: \u0458\u0435\u0434\u0430\u043d \u043d\u0435\u0443\u043e\u0447\u0435\u043d\u0438 \u0443\u0442\u0438\u0446\u0430\u0458<br><\/span><strong style=\"font-size: inherit;\">LEON KOJEN, <\/strong><span style=\"font-size: inherit;\">Nade\u017eda Petrovi\u0107 and C\u00e9zanne: an Unnoticed Influence <strong style=\"font-size: inherit;\"><em><a href=\" https:\/\/www.maticasrpska.org.rs\/stariSajt\/casopisi\/ZMSLU_51\/14 Leon Kojen.pdf \"><img loading=\"lazy\" src=\"http:\/\/www.maticasrpska.org.rs\/letopis\/page_white_acrobat.png\" alt=\"\" width=\"16\" height=\"16\"><\/a><\/em><\/strong><br><br><\/span><\/li>\n<li><strong style=\"font-size: inherit;\">\u041c\u0410\u041a\u0421\u0418\u041c\u0418\u041b\u0418\u0408\u0410\u041d \u0414\u041e\u0420\u041e\u0421\u041b\u041e\u0412\u0410\u0427\u041a\u0418,<\/strong><span style=\"font-size: inherit;\"> \u041c\u043e\u0441\u0442\u0430\u0440\u0441\u043a\u043e \u0441\u043f\u043e\u043c\u0435\u043d \u0433\u0440\u043e\u0431\u0459\u0435 \u0443 \u043e\u043f\u0443\u0441\u0443 \u0430\u0440\u0445\u0438\u0442\u0435\u043a\u0442\u0435 \u0411\u043e\u0433\u0434\u0430\u043d\u0430 \u0411\u043e\u0433\u0434\u0430\u043d\u043e\u0432\u0438\u045b\u0430: \u0422\u0435\u0430\u0442\u0440\u043e\u043d \u0438 \u045a\u0435\u0433\u043e\u0432\u0435 \u0440\u043e\u043c\u0430\u043d\u0442\u0438\u0447\u0430\u0440\u0441\u043a\u0435 \u0440\u0435\u043c\u0438\u043d\u0438\u0441\u0446\u0435\u043d\u0446\u0438\u0458\u0435<br><\/span><strong style=\"font-size: inherit;\">MAKSIMILIJAN DOROSLOVA\u010cKI<\/strong><span style=\"font-size: inherit;\">, Mostar Memorial Cemetery in the Oeuvre of Architect Bogdan Bogdanovi\u0107 \u2012 The Theatron and Its Romantic Reminiscences<\/span><strong style=\"font-size: inherit;\"> <em><a href=\" https:\/\/www.maticasrpska.org.rs\/stariSajt\/casopisi\/ZMSLU_51\/15 Maksimilijan Doroslovacki.pdf \"><img loading=\"lazy\" src=\"http:\/\/www.maticasrpska.org.rs\/letopis\/page_white_acrobat.png\" alt=\"\" width=\"16\" height=\"16\"><\/a><\/em><\/strong><\/li>\n<\/ol>\n<p style=\"text-align: center;\"><strong>\u041f\u0420\u0418\u041a\u0410\u0417\u0418<br>REVIEWS<\/strong><\/p>\n<ol>\n<li><strong>\u041c\u0418\u041b\u0415\u041d\u0410 \u0410\u041d\u0422\u041e\u041d\u0418\u0408\u0415\u0412\u0418\u040b, <\/strong>\u0418\u0433\u043e\u0440 \u0411\u043e\u0440\u043e\u0437\u0430\u043d (\u0443\u0440.), \u0415\u0432\u0440\u043e\u043f\u0441\u043a\u0438 \u043e\u043a\u0432\u0438\u0440\u0438 \u0441\u0440\u043f\u0441\u043a\u043e\u0433 \u0441\u0438\u043c\u0431\u043e\u043b\u0438\u0437\u043c\u0430 (\u041d\u043e\u0432\u0438 \u0421\u0430\u0434: \u0413\u0430\u043b\u0435\u0440\u0438\u0458\u0430 \u041c\u0430\u0442\u0438\u0446\u0435 \u0441\u0440\u043f\u0441\u043a\u0435; \u0411\u0435\u043e\u0433\u0440\u0430\u0434: \u0418\u043d\u0441\u0442\u0438\u0442\u0443\u0442 \u0437\u0430 \u0438\u0441\u0442\u043e\u0440\u0438\u0458\u0443 \u0443\u043c\u0435\u0442\u043d\u043e\u0441\u0442\u0438 \u0424\u0438\u043b\u043e\u0437\u043e\u0444\u0441\u043a\u043e\u0433 \u0444\u0430\u043a\u0443\u043b\u0442\u0435\u0442\u0430, 2021) <strong style=\"font-size: inherit;\"><em><a href=\" https:\/\/www.maticasrpska.org.rs\/stariSajt\/casopisi\/ZMSLU_51\/p01 Milena Antonijevic.pdf \"><img loading=\"lazy\" src=\"http:\/\/www.maticasrpska.org.rs\/letopis\/page_white_acrobat.png\" alt=\"\" width=\"16\" height=\"16\"><\/a><\/em><\/strong><\/li>\n<\/ol>\n<ol start=\"2\">\n<li><strong>\u0408\u041e\u0412\u0410\u041d\u0410 \u041d\u0418\u041a\u041e\u041b\u0418\u040b<\/strong>, \u0418\u0437\u043b\u043e\u0436\u0431\u0430: \u0416\u0438\u0432\u043e\u0442 \u2013 \u0421\u0430\u043d \u2013 \u0421\u043c\u0440\u0442. \u0415\u0432\u0440\u043e\u043f\u0441\u043a\u0438 \u043e\u043a\u0432\u0438\u0440\u0438 \u0441\u0440\u043f\u0441\u043a\u043e\u0433 \u0441\u0438\u043c\u0431\u043e\u043b\u0438\u0437\u043c\u0430 (\u0413\u0430\u043b\u0435\u0440\u0438\u0458\u0430 \u041c\u0430\u0442\u0438\u0446\u0435 \u0441\u0440\u043f\u0441\u043a\u0435, 6. \u043d\u043e\u0432\u0435\u043c\u0431\u0430\u0440 2021 \u2013 31. \u0458\u0430\u043d\u0443\u0430\u0440 2022)<strong style=\"font-size: inherit;\"> <em><a href=\" https:\/\/www.maticasrpska.org.rs\/stariSajt\/casopisi\/ZMSLU_51\/p02 Jovana Nikolic.pdf \"><img loading=\"lazy\" src=\"http:\/\/www.maticasrpska.org.rs\/letopis\/page_white_acrobat.png\" alt=\"\" width=\"16\" height=\"16\"><\/a><\/em><\/strong><\/li>\n<\/ol>\n<ol start=\"3\">\n<li><strong>\u0421\u041d\u0415\u0416\u0410\u041d\u0410 \u041c\u0418\u0428\u0418\u040b, <\/strong>\u0422\u0438\u0458\u0430\u043d\u0430 \u041f\u0430\u043b\u043a\u043e\u0432\u0459\u0435\u0432\u0438\u045b \u0411\u0443\u0433\u0430\u0440\u0441\u043a\u0438, <em>\u041f\u043e\u043d\u043e\u0441 \u043d\u0430\u0446\u0438\u0458\u0435. 175 \u0433\u043e\u0434\u0438\u043d\u0430 \u0413\u0430\u043b\u0435\u0440\u0438\u0458\u0435 \u041c\u0430\u0442\u0438\u0446\u0435 \u0441\u0440\u043f\u0441\u043a\u0435<\/em>, \u0413\u0430\u043b\u0435\u0440\u0438\u0458\u0430 \u041c\u0430\u0442\u0438\u0446\u0435 \u0441\u0440\u043f\u0441\u043a\u0435, \u041d\u043e\u0432\u0438 \u0421\u0430\u0434 2022. <strong style=\"font-size: inherit;\"><em><a href=\" https:\/\/www.maticasrpska.org.rs\/stariSajt\/casopisi\/ZMSLU_51\/p03Snezana Misic.pdf \"><img loading=\"lazy\" src=\"http:\/\/www.maticasrpska.org.rs\/letopis\/page_white_acrobat.png\" alt=\"\" width=\"16\" height=\"16\"><\/a><\/em><\/strong><\/li>\n<\/ol>\n<ol start=\"4\">\n<li><strong>\u0418\u0421\u0418\u0414\u041e\u0420\u0410 \u0421\u0410\u0412\u0418\u040b, <\/strong>\u0423\u0440\u043e\u0448 \u041f\u0440\u0435\u0434\u0438\u045b. \u0416\u0438\u0432\u043e\u0442 \u043f\u043e\u0441\u0432\u0435\u045b\u0435\u043d \u043b\u0435\u043f\u043e\u0442\u0438 \u0438 \u0443\u043c\u0435\u0442\u043d\u043e\u0441\u0442\u0438, (\u0413\u0430\u043b\u0435\u0440\u0438\u0458\u0430 \u041c\u0430\u0442\u0438\u0446\u0435 \u0441\u0440\u043f\u0441\u043a\u0435, \u041d\u043e\u0432\u0438 \u0421\u0430\u0434, 7. \u043e\u043a\u0442\u043e\u0431\u0430\u0440 2022 \u2013 12. \u0444\u0435\u0431\u0440\u0443\u0430\u0440 2023) <strong style=\"font-size: inherit;\"><em><a href=\" https:\/\/www.maticasrpska.org.rs\/stariSajt\/casopisi\/ZMSLU_51\/p04 isidora savic.pdf \"><img loading=\"lazy\" src=\"http:\/\/www.maticasrpska.org.rs\/letopis\/page_white_acrobat.png\" alt=\"\" width=\"16\" height=\"16\"><\/a><\/em><\/strong><\/li>\n<\/ol>\n<ol start=\"5\">\n<li><strong>\u0414\u0418\u0408\u0410\u041d\u0410 \u041c\u0415\u0422\u041b\u0418\u040b<\/strong>, \u0412\u0435\u0441\u043d\u0430 \u041a\u0440\u0443\u0459\u0430\u0446, \u0411\u0440\u0430\u043d\u043a\u043e \u0412\u0435 \u041f\u043e\u0459\u0430\u043d\u0441\u043a\u0438 (1898\u20121947) (\u0424\u0430\u043a\u0443\u043b\u0442\u0435\u0442 \u043f\u0440\u0438\u043c\u0435\u045a\u0435\u043d\u0438\u0445 \u0443\u043c\u0435\u0442\u043d\u043e\u0441\u0442\u0438 \u0411\u0435\u043e\u0433\u0440\u0430\u0434, 2023) <strong style=\"font-size: inherit;\"><em><a href=\" https:\/\/www.maticasrpska.org.rs\/stariSajt\/casopisi\/ZMSLU_51\/p05 Dijana Metlic.pdf \"><img loading=\"lazy\" src=\"http:\/\/www.maticasrpska.org.rs\/letopis\/page_white_acrobat.png\" alt=\"\" width=\"16\" height=\"16\"><\/a><\/em><\/strong><br><br><\/li>\n<li><strong style=\"font-size: inherit;\">\u0411\u041e\u0408\u0410\u041d\u0410 \u0421\u0422\u0415\u0412\u0410\u041d\u041e\u0412\u0418\u040b, <\/strong><span style=\"font-size: inherit;\">\u0418\u0437\u043b\u043e\u0436\u0431\u0430: \u0413\u0440\u0430\u0447\u0430\u043d\u0438\u0446\u0430: \u0441\u0458\u0430\u0458 \u0443\u043c\u0435\u0442\u043d\u043e\u0441\u0442\u0438 \u0443 \u0434\u043e\u0431\u0430 \u043a\u0440\u0430\u0459\u0430 \u041c\u0438\u043b\u0443\u0442\u0438\u043d\u0430 (\u0413\u0430\u043b\u0435\u0440\u0438\u0458\u0430 \u0421\u0410\u041d\u0423, 21. \u0434\u0435\u0446\u0435\u043c\u0431\u0430\u0440 2022 \u2013 26. \u0444\u0435\u0431\u0440\u0443\u0430\u0440 2023) <strong style=\"font-size: inherit;\"><em><a href=\" https:\/\/www.maticasrpska.org.rs\/stariSajt\/casopisi\/ZMSLU_51\/p06 Bojana Stevanovic.pdf \"><img loading=\"lazy\" src=\"http:\/\/www.maticasrpska.org.rs\/letopis\/page_white_acrobat.png\" alt=\"\" width=\"16\" height=\"16\"><\/a><\/em><\/strong><\/span><\/li>\n<\/ol>\n<p><strong>\u0418\u041c\u0415\u041d\u0421\u041a\u0418 \u0420\u0415\u0413\u0418\u0421\u0422\u0410\u0420<\/strong>, <em><a href=\" https:\/\/www.maticasrpska.org.rs\/stariSajt\/casopisi\/ZMSLU_51\/\u0448%20\u0438\u043c\u0435\u043d\u0441\u043a\u0438%20\u0440\u0435\u0433\u0438\u0441\u0442\u0430\u0440.pdf\"><img loading=\"lazy\" class=\"alignnone\" src=\"http:\/\/www.maticasrpska.org.rs\/letopis\/page_white_acrobat.png\" alt=\"\" width=\"16\" height=\"16\"><\/a><\/em><br><strong> \u0413\u0415\u041e\u0413\u0420\u0410\u0424\u0421\u041a\u0418 \u0420\u0415\u0413\u0418\u0421\u0422\u0410\u0420<\/strong>, <em><a href=\" https:\/\/www.maticasrpska.org.rs\/stariSajt\/casopisi\/ZMSLU_51\/\u044802%20\u0413\u0435\u043e\u0433\u0440\u0430\u0444\u0441\u043a\u0438%20\u0440\u0435\u0433\u0438\u0441\u0442\u0430\u0440.pdf\"><img loading=\"lazy\" class=\"alignnone\" src=\"http:\/\/www.maticasrpska.org.rs\/letopis\/page_white_acrobat.png\" alt=\"\" width=\"16\" height=\"16\"><\/a><\/em><br><strong>\u0421\u041f\u0418\u0421\u0410\u041a \u0420\u0415\u0426\u0415\u041d\u0417\u0415\u041d\u0410\u0422\u0410<\/strong>, <em><a href=\" https:\/\/www.maticasrpska.org.rs\/stariSajt\/casopisi\/ZMSLU_51\/\u0421\u043f\u0438\u0441\u0430\u043a%20\u0440\u0435\u0446\u0435\u043d\u0437\u0435\u043d\u0430\u0442\u0430.pdf\"><img loading=\"lazy\" class=\"alignnone\" src=\"http:\/\/www.maticasrpska.org.rs\/letopis\/page_white_acrobat.png\" alt=\"\" width=\"16\" height=\"16\"><\/a><\/em><br><strong> \u0418\u041c\u041f\u0420\u0415\u0421\u0423\u041c<\/strong>, <em><a href=\" https:\/\/www.maticasrpska.org.rs\/stariSajt\/casopisi\/ZMSLU_51\/\u044803%20\u0418\u043c\u043f\u0440\u0435\u0441\u0443\u043c.pdf\"><img loading=\"lazy\" class=\"alignnone\" src=\"http:\/\/www.maticasrpska.org.rs\/letopis\/page_white_acrobat.png\" alt=\"\" width=\"16\" height=\"16\"><\/a><\/em><\/p>\n<p><\/p>","protected":false},"excerpt":{"rendered":"<p>C O N T E N T S: \u0427\u041b\u0410\u041d\u0426\u0418, \u0420\u0410\u0421\u041f\u0420\u0410\u0412\u0415, \u041f\u0420\u0418\u041b\u041e\u0417\u0418ARTICLES, TREATISES, CONTRIBUTIONS BRANKA \u010c. VRANE\u0160EVI\u0106, Iconography of the Parapet Slab From the Church of St. Thomas in Kuti: New Reflections and Possible Interpretations\u0411\u0420\u0410\u041d\u041a\u0410 \u0427. \u0412\u0420\u0410\u041d\u0415\u0428\u0415\u0412\u0418\u040b, \u0418\u043a\u043e\u043d\u043e\u0433\u0440\u0430\u0444\u0438\u0458\u0430 \u043f\u0430\u0440\u0430\u043f\u0435\u0442\u043d\u0435 \u043f\u043b\u043e\u0447\u0435 \u0446\u0440\u043a\u0432\u0435 \u0421\u0432. \u0422\u043e\u043c\u0435 \u0443 \u041a\u0443\u0442\u0438\u043c\u0430: \u043d\u043e\u0432\u0430 \u0440\u0430\u0437\u043c\u0438\u0448\u0459\u0430\u045a\u0430 \u0438 \u043c\u043e\u0433\u0443\u045b\u0430 \u0442\u0443\u043c\u0430\u0447\u0435\u045a\u0430 \u041e\u041b\u0413\u0410 \u0417. \u0428\u041f\u0415\u0425\u0410\u0420, \u0415\u0432\u0435\u0440\u0433\u0435\u0442\u0438\u0437\u0430\u043c \u0443 \u043a\u0430\u0441\u043d\u043e\u0430\u043d\u0442\u0438\u0447\u043a\u043e\u043c&hellip; <a href=\"https:\/\/www.maticasrpska.org.rs\/en\/zmslu_51\/\">Continue reading <span class=\"meta-nav\">&rarr;<\/span><\/a><\/p>\n","protected":false},"author":6,"featured_media":0,"parent":0,"menu_order":0,"comment_status":"closed","ping_status":"closed","template":"","meta":[],"yoast_head":"<!-- This site is optimized with the Yoast SEO plugin v16.2 - https:\/\/yoast.com\/wordpress\/plugins\/seo\/ -->\n<meta name=\"robots\" content=\"index, follow, max-snippet:-1, max-image-preview:large, max-video-preview:-1\" \/>\n<link rel=\"canonical\" href=\"https:\/\/www.maticasrpska.org.rs\/zmslu_51\/\" \/>\n<meta property=\"og:locale\" content=\"en_US\" \/>\n<meta property=\"og:type\" content=\"article\" \/>\n<meta property=\"og:title\" content=\"\u0417\u0431\u043e\u0440\u043d\u0438\u043a \u041c\u0430\u0442\u0438\u0446\u0435 \u0441\u0440\u043f\u0441\u043a\u0435 \u0437\u0430 \u043b\u0438\u043a\u043e\u0432\u043d\u0435 \u0443\u043c\u0435\u0442\u043d\u043e\u0441\u0442\u0438 \u0431\u0440\u043e\u0458 51 - \u041c\u0430\u0442\u0438\u0446\u0430 \u0441\u0440\u043f\u0441\u043a\u0430\" \/>\n<meta property=\"og:description\" content=\"C O N T E N T S: \u0427\u041b\u0410\u041d\u0426\u0418, \u0420\u0410\u0421\u041f\u0420\u0410\u0412\u0415, \u041f\u0420\u0418\u041b\u041e\u0417\u0418ARTICLES, TREATISES, CONTRIBUTIONS BRANKA \u010c. VRANE\u0160EVI\u0106, Iconography of the Parapet Slab From the Church of St. Thomas in Kuti: New Reflections and Possible Interpretations\u0411\u0420\u0410\u041d\u041a\u0410 \u0427. \u0412\u0420\u0410\u041d\u0415\u0428\u0415\u0412\u0418\u040b, \u0418\u043a\u043e\u043d\u043e\u0433\u0440\u0430\u0444\u0438\u0458\u0430 \u043f\u0430\u0440\u0430\u043f\u0435\u0442\u043d\u0435 \u043f\u043b\u043e\u0447\u0435 \u0446\u0440\u043a\u0432\u0435 \u0421\u0432. \u0422\u043e\u043c\u0435 \u0443 \u041a\u0443\u0442\u0438\u043c\u0430: \u043d\u043e\u0432\u0430 \u0440\u0430\u0437\u043c\u0438\u0448\u0459\u0430\u045a\u0430 \u0438 \u043c\u043e\u0433\u0443\u045b\u0430 \u0442\u0443\u043c\u0430\u0447\u0435\u045a\u0430 \u041e\u041b\u0413\u0410 \u0417. \u0428\u041f\u0415\u0425\u0410\u0420, \u0415\u0432\u0435\u0440\u0433\u0435\u0442\u0438\u0437\u0430\u043c \u0443 \u043a\u0430\u0441\u043d\u043e\u0430\u043d\u0442\u0438\u0447\u043a\u043e\u043c&hellip; Continue reading &rarr;\" \/>\n<meta property=\"og:url\" content=\"https:\/\/www.maticasrpska.org.rs\/zmslu_51\/\" \/>\n<meta property=\"og:site_name\" content=\"\u041c\u0430\u0442\u0438\u0446\u0430 \u0441\u0440\u043f\u0441\u043a\u0430\" \/>\n<meta property=\"article:modified_time\" content=\"2023-12-28T12:09:17+00:00\" \/>\n<meta property=\"og:image\" content=\"http:\/\/www.maticasrpska.org.rs\/letopis\/page_white_acrobat.png\" \/>\n<meta name=\"twitter:label1\" content=\"Est. reading time\">\n\t<meta name=\"twitter:data1\" content=\"16 minutes\">\n<script type=\"application\/ld+json\" class=\"yoast-schema-graph\">{\"@context\":\"https:\/\/schema.org\",\"@graph\":[{\"@type\":\"WebSite\",\"@id\":\"https:\/\/www.maticasrpska.org.rs\/#website\",\"url\":\"https:\/\/www.maticasrpska.org.rs\/\",\"name\":\"\\u041c\\u0430\\u0442\\u0438\\u0446\\u0430 \\u0441\\u0440\\u043f\\u0441\\u043a\\u0430\",\"description\":\"\\u041d\\u0430\\u0458\\u0441\\u0442\\u0430\\u0440\\u0438\\u0458\\u0430 \\u0441\\u0440\\u043f\\u0441\\u043a\\u0430 \\u043a\\u045a\\u0438\\u0436\\u0435\\u0432\\u043d\\u0430, \\u043a\\u0443\\u043b\\u0442\\u0443\\u0440\\u043d\\u0430 \\u0438 \\u043d\\u0430\\u0443\\u0447\\u043d\\u0430 \\u0438\\u043d\\u0441\\u0442\\u0438\\u0442\\u0443\\u0446\\u0438\\u0458\\u0430\",\"potentialAction\":[{\"@type\":\"SearchAction\",\"target\":\"https:\/\/www.maticasrpska.org.rs\/?s={search_term_string}\",\"query-input\":\"required name=search_term_string\"}],\"inLanguage\":\"en-US\"},{\"@type\":\"ImageObject\",\"@id\":\"https:\/\/www.maticasrpska.org.rs\/zmslu_51\/#primaryimage\",\"inLanguage\":\"en-US\",\"url\":\"http:\/\/www.maticasrpska.org.rs\/letopis\/page_white_acrobat.png\",\"contentUrl\":\"http:\/\/www.maticasrpska.org.rs\/letopis\/page_white_acrobat.png\"},{\"@type\":\"WebPage\",\"@id\":\"https:\/\/www.maticasrpska.org.rs\/zmslu_51\/#webpage\",\"url\":\"https:\/\/www.maticasrpska.org.rs\/zmslu_51\/\",\"name\":\"\\u0417\\u0431\\u043e\\u0440\\u043d\\u0438\\u043a \\u041c\\u0430\\u0442\\u0438\\u0446\\u0435 \\u0441\\u0440\\u043f\\u0441\\u043a\\u0435 \\u0437\\u0430 \\u043b\\u0438\\u043a\\u043e\\u0432\\u043d\\u0435 \\u0443\\u043c\\u0435\\u0442\\u043d\\u043e\\u0441\\u0442\\u0438 \\u0431\\u0440\\u043e\\u0458 51 - \\u041c\\u0430\\u0442\\u0438\\u0446\\u0430 \\u0441\\u0440\\u043f\\u0441\\u043a\\u0430\",\"isPartOf\":{\"@id\":\"https:\/\/www.maticasrpska.org.rs\/#website\"},\"primaryImageOfPage\":{\"@id\":\"https:\/\/www.maticasrpska.org.rs\/zmslu_51\/#primaryimage\"},\"datePublished\":\"2023-12-20T15:30:57+00:00\",\"dateModified\":\"2023-12-28T12:09:17+00:00\",\"breadcrumb\":{\"@id\":\"https:\/\/www.maticasrpska.org.rs\/zmslu_51\/#breadcrumb\"},\"inLanguage\":\"en-US\",\"potentialAction\":[{\"@type\":\"ReadAction\",\"target\":[\"https:\/\/www.maticasrpska.org.rs\/zmslu_51\/\"]}]},{\"@type\":\"BreadcrumbList\",\"@id\":\"https:\/\/www.maticasrpska.org.rs\/zmslu_51\/#breadcrumb\",\"itemListElement\":[{\"@type\":\"ListItem\",\"position\":1,\"item\":{\"@type\":\"WebPage\",\"@id\":\"https:\/\/www.maticasrpska.org.rs\/\",\"url\":\"https:\/\/www.maticasrpska.org.rs\/\",\"name\":\"Home\"}},{\"@type\":\"ListItem\",\"position\":2,\"item\":{\"@id\":\"https:\/\/www.maticasrpska.org.rs\/zmslu_51\/#webpage\"}}]}]}<\/script>\n<!-- \/ Yoast SEO plugin. -->","_links":{"self":[{"href":"https:\/\/www.maticasrpska.org.rs\/en\/wp-json\/wp\/v2\/pages\/34858"}],"collection":[{"href":"https:\/\/www.maticasrpska.org.rs\/en\/wp-json\/wp\/v2\/pages"}],"about":[{"href":"https:\/\/www.maticasrpska.org.rs\/en\/wp-json\/wp\/v2\/types\/page"}],"author":[{"embeddable":true,"href":"https:\/\/www.maticasrpska.org.rs\/en\/wp-json\/wp\/v2\/users\/6"}],"replies":[{"embeddable":true,"href":"https:\/\/www.maticasrpska.org.rs\/en\/wp-json\/wp\/v2\/comments?post=34858"}],"version-history":[{"count":1,"href":"https:\/\/www.maticasrpska.org.rs\/en\/wp-json\/wp\/v2\/pages\/34858\/revisions"}],"predecessor-version":[{"id":36787,"href":"https:\/\/www.maticasrpska.org.rs\/en\/wp-json\/wp\/v2\/pages\/34858\/revisions\/36787"}],"wp:attachment":[{"href":"https:\/\/www.maticasrpska.org.rs\/en\/wp-json\/wp\/v2\/media?parent=34858"}],"curies":[{"name":"wp","href":"https:\/\/api.w.org\/{rel}","templated":true}]}}